{"id":96,"date":"2010-06-14T13:05:17","date_gmt":"2010-06-14T11:05:17","guid":{"rendered":"https:\/\/www.imerix.at\/bookshop\/produkt\/milos-und-janda\/"},"modified":"2025-04-18T17:58:37","modified_gmt":"2025-04-18T15:58:37","slug":"milos-und-janda","status":"publish","type":"product","link":"https:\/\/www.verlagshaus-hernals.at\/shop\/produkt\/milos-und-janda\/","title":{"rendered":"Milo\u0161 und Janda"},"content":{"rendered":"<p>Die samtene Revolution \u00f6ffnet den Osten Europas. Milo\u0161, ein junger \u00dcbersetzer, tritt in das<br \/>\nAugustinerkloster in Br\u00fcnn ein. Dort hat einst der Begr\u00fcnder der Genetik, Gregor Mendel, als Abt gewirkt. Aus der Ausstellung in der Abtei verschwindet das handschriftliche Original von Mendels Hauptwerk \u00fcber die Vererbungsgesetze und wird durch einen Druck ersetzt. Gleichzeitig werden historisch wertvolle Gegenst\u00e4nde aus der Klosterbibliothek gestohlen. Milo\u0161 und sein Freund Janda beobachten seltsame Vorg\u00e4nge in und au\u00dferhalb der Abtei. Sie beginnen Nachforschungen anzustellen&#8230;<\/p>\n<p>Viktor Mautner Markhof begibt sich in seinem ersten Roman auf eine spannende Reise durch Br\u00fcnn und Prag.<\/p>\n","protected":false},"excerpt":{"rendered":"<p>200 Seiten, gebunden<br \/>\nISBN 978-3-902744-05-0&hellip; <a class=\"kt-excerpt-readmore more-link\" href=\"https:\/\/www.verlagshaus-hernals.at\/shop\/produkt\/milos-und-janda\/\" aria-label=\"Milo\u0161 und Janda\">Read More<\/a><\/p>\n","protected":false},"featured_media":95,"template":"","meta":{"kt_blocks_editor_width":"","_kad_blocks_custom_css":"","_kad_blocks_head_custom_js":"","_kad_blocks_body_custom_js":"","_kad_blocks_footer_custom_js":""},"product_brand":[],"product_cat":[43],"product_tag":[100],"class_list":{"0":"post-96","1":"product","2":"type-product","3":"status-publish","4":"has-post-thumbnail","6":"product_cat-romane-erzaehlungen","7":"product_tag-viktor-mautner-markhof","9":"first","10":"instock","11":"taxable","12":"shipping-taxable","13":"purchasable","14":"product-type-simple"},"taxonomy_info":{"product_cat":[{"value":43,"label":"Romane &amp; Erz\u00e4hlungen"}],"product_tag":[{"value":100,"label":"Viktor Mautner Markhof"}]},"featured_image_src_large":["https:\/\/www.verlagshaus-hernals.at\/shop\/wp-content\/uploads\/viktor_mautner_markhof-milos_und_janda.jpg",404,562,false],"author_info":[],"comment_info":"","_links":{"self":[{"href":"https:\/\/www.verlagshaus-hernals.at\/shop\/wp-json\/wp\/v2\/product\/96","targetHints":{"allow":["GET"]}}],"collection":[{"href":"https:\/\/www.verlagshaus-hernals.at\/shop\/wp-json\/wp\/v2\/product"}],"about":[{"href":"https:\/\/www.verlagshaus-hernals.at\/shop\/wp-json\/wp\/v2\/types\/product"}],"wp:featuredmedia":[{"embeddable":true,"href":"https:\/\/www.verlagshaus-hernals.at\/shop\/wp-json\/wp\/v2\/media\/95"}],"wp:attachment":[{"href":"https:\/\/www.verlagshaus-hernals.at\/shop\/wp-json\/wp\/v2\/media?parent=96"}],"wp:term":[{"taxonomy":"product_brand","embeddable":true,"href":"https:\/\/www.verlagshaus-hernals.at\/shop\/wp-json\/wp\/v2\/product_brand?post=96"},{"taxonomy":"product_cat","embeddable":true,"href":"https:\/\/www.verlagshaus-hernals.at\/shop\/wp-json\/wp\/v2\/product_cat?post=96"},{"taxonomy":"product_tag","embeddable":true,"href":"https:\/\/www.verlagshaus-hernals.at\/shop\/wp-json\/wp\/v2\/product_tag?post=96"}],"curies":[{"name":"wp","href":"https:\/\/api.w.org\/{rel}","templated":true}]}}