{"id":57,"date":"2019-10-07T13:05:08","date_gmt":"2019-10-07T11:05:08","guid":{"rendered":"https:\/\/www.imerix.at\/bookshop\/produkt\/der-kommandant-erinnerungsband\/"},"modified":"2025-04-18T18:43:47","modified_gmt":"2025-04-18T16:43:47","slug":"der-kommandant-erinnerungsband","status":"publish","type":"product","link":"https:\/\/www.verlagshaus-hernals.at\/shop\/produkt\/der-kommandant-erinnerungsband\/","title":{"rendered":"Der Kommandant (Erinnerungsband)"},"content":{"rendered":"<p><em>Eine Groteske<\/em><br \/>\n<em>mit Illustrationen von Anita Wiegele<\/em><\/p>\n<p>April 1945. Am Abend vor dem Einmarsch der Roten Armee fasst der Kommandant eines Konzentrationslagers einen Unheil bringenden Plan. Der H\u00e4ftling Victor Gruner, ehemals Schauspieler in Wien, sieht ihm zum Verwechseln \u00e4hnlich. Er soll in seine Rolle schl\u00fcpfen. Der Kommandant und seine Frau planen in Str\u00e4flingskleidung zu fl\u00fcchten. Unter dem Donner des n\u00e4her r\u00fcckenden Artilleriefeuers entwickelt sich ein perfides Spiel.<br \/>\nFrederic Mortons groteskes Theaterst\u00fcck erz\u00e4hlt die Geschichte eines zerst\u00f6rten Lebens.<\/p>\n<p>1939 musste die j\u00fcdische Wiener Familie Mandelbaum unter dem Druck der nationalsozialistischen Herrschaft Wien verlassen. Sie emigrierte zuerst nach England und dann im Jahr 1940 nach New York. Die Familie \u00e4nderte den Namen auf Morton.<\/p>\n<p>Der illustrierte Band erinnert an diese Flucht vor 80 Jahren.<\/p>\n","protected":false},"excerpt":{"rendered":"<p>94 Seiten, gebunden<br \/>\nISBN 978-3-902975-39-3&hellip; <a class=\"kt-excerpt-readmore more-link\" href=\"https:\/\/www.verlagshaus-hernals.at\/shop\/produkt\/der-kommandant-erinnerungsband\/\" aria-label=\"Der Kommandant (Erinnerungsband)\">Read More<\/a><\/p>\n","protected":false},"featured_media":56,"template":"","meta":{"kt_blocks_editor_width":"","_kad_blocks_custom_css":"","_kad_blocks_head_custom_js":"","_kad_blocks_body_custom_js":"","_kad_blocks_footer_custom_js":""},"product_brand":[],"product_cat":[43,47],"product_tag":[48],"class_list":{"0":"post-57","1":"product","2":"type-product","3":"status-publish","4":"has-post-thumbnail","6":"product_cat-romane-erzaehlungen","7":"product_cat-zeitgeschichte","8":"product_tag-frederic-morton","10":"first","11":"instock","12":"taxable","13":"shipping-taxable","14":"purchasable","15":"product-type-simple"},"taxonomy_info":{"product_cat":[{"value":43,"label":"Romane &amp; Erz\u00e4hlungen"},{"value":47,"label":"Zeitgeschichte"}],"product_tag":[{"value":48,"label":"Frederic Morton"}]},"featured_image_src_large":["https:\/\/www.verlagshaus-hernals.at\/shop\/wp-content\/uploads\/products-Frederic_Morton__5d9b7b7271f91.jpg",514,724,false],"author_info":[],"comment_info":"","_links":{"self":[{"href":"https:\/\/www.verlagshaus-hernals.at\/shop\/wp-json\/wp\/v2\/product\/57","targetHints":{"allow":["GET"]}}],"collection":[{"href":"https:\/\/www.verlagshaus-hernals.at\/shop\/wp-json\/wp\/v2\/product"}],"about":[{"href":"https:\/\/www.verlagshaus-hernals.at\/shop\/wp-json\/wp\/v2\/types\/product"}],"wp:featuredmedia":[{"embeddable":true,"href":"https:\/\/www.verlagshaus-hernals.at\/shop\/wp-json\/wp\/v2\/media\/56"}],"wp:attachment":[{"href":"https:\/\/www.verlagshaus-hernals.at\/shop\/wp-json\/wp\/v2\/media?parent=57"}],"wp:term":[{"taxonomy":"product_brand","embeddable":true,"href":"https:\/\/www.verlagshaus-hernals.at\/shop\/wp-json\/wp\/v2\/product_brand?post=57"},{"taxonomy":"product_cat","embeddable":true,"href":"https:\/\/www.verlagshaus-hernals.at\/shop\/wp-json\/wp\/v2\/product_cat?post=57"},{"taxonomy":"product_tag","embeddable":true,"href":"https:\/\/www.verlagshaus-hernals.at\/shop\/wp-json\/wp\/v2\/product_tag?post=57"}],"curies":[{"name":"wp","href":"https:\/\/api.w.org\/{rel}","templated":true}]}}