{"id":310,"date":"2012-03-04T13:05:54","date_gmt":"2012-03-04T12:05:54","guid":{"rendered":"https:\/\/www.imerix.at\/bookshop\/produkt\/die-urkraft-der-goettin\/"},"modified":"2025-04-18T17:05:50","modified_gmt":"2025-04-18T15:05:50","slug":"die-urkraft-der-goettin","status":"publish","type":"product","link":"https:\/\/www.verlagshaus-hernals.at\/shop\/produkt\/die-urkraft-der-goettin\/","title":{"rendered":"Die Urkraft der G\u00f6ttin"},"content":{"rendered":"<p>Die Fr\u00fchzeit der Kulturen war von der Idee einer gro\u00dfen G\u00f6ttin gepr\u00e4gt, sie war die &#8218;Urmutter&#8216; des Lebens und der weibliche &#8218;Urgrund&#8216; des Kosmos. Im Laufe der Entwicklung wurde die gro\u00dfe G\u00f6ttin der Fruchtbarkeit und der Erotik von den m\u00e4nnlichen G\u00f6ttern der Herrschaft und des Krieges verdr\u00e4ngt. Mit den Katastrophen des 20. Jahrhunderts haben f\u00fcr viele Menschen diese Gottesbilder an Plausibilit\u00e4t und Zustimmung verloren.<\/p>\n<p>Anton Grabner-Haider zeigt, wie eine von weiblichen Werten und Lebensformen gepr\u00e4gte Religion und Spiritualit\u00e4t aussehen kann. Er weist auf die Vielfalt religi\u00f6ser Erfahrungen und auf den beginnenden Dialog der Religionen und der Kulturen hin.<br \/>\nDar\u00fcber hinaus erhalten die LeserInnen Anregungen zur Gestaltung neuer Riten.<\/p>\n<p>Anton Grabner-Haider ist Professor f\u00fcr Religionsphilosophie an der Universit\u00e4t Graz.<\/p>\n","protected":false},"excerpt":{"rendered":"<p>150 Seiten, broschiert<br \/>\nISBN 978-3-902744-142-2&hellip; <a class=\"kt-excerpt-readmore more-link\" href=\"https:\/\/www.verlagshaus-hernals.at\/shop\/produkt\/die-urkraft-der-goettin\/\" aria-label=\"Die Urkraft der G\u00f6ttin\">Read More<\/a><\/p>\n","protected":false},"featured_media":309,"template":"","meta":{"kt_blocks_editor_width":"","_kad_blocks_custom_css":"","_kad_blocks_head_custom_js":"","_kad_blocks_body_custom_js":"","_kad_blocks_footer_custom_js":""},"product_brand":[],"product_cat":[49],"product_tag":[73],"class_list":{"0":"post-310","1":"product","2":"type-product","3":"status-publish","4":"has-post-thumbnail","6":"product_cat-wissenschaft","7":"product_tag-grabner-haider","9":"first","10":"instock","11":"taxable","12":"shipping-taxable","13":"purchasable","14":"product-type-simple"},"taxonomy_info":{"product_cat":[{"value":49,"label":"Wissenschaft"}],"product_tag":[{"value":73,"label":"Grabner-Haider"}]},"featured_image_src_large":["https:\/\/www.verlagshaus-hernals.at\/shop\/wp-content\/uploads\/anton-grabner_haider-die_urkraft_der_goettin.png",448,639,false],"author_info":[],"comment_info":"","_links":{"self":[{"href":"https:\/\/www.verlagshaus-hernals.at\/shop\/wp-json\/wp\/v2\/product\/310","targetHints":{"allow":["GET"]}}],"collection":[{"href":"https:\/\/www.verlagshaus-hernals.at\/shop\/wp-json\/wp\/v2\/product"}],"about":[{"href":"https:\/\/www.verlagshaus-hernals.at\/shop\/wp-json\/wp\/v2\/types\/product"}],"wp:featuredmedia":[{"embeddable":true,"href":"https:\/\/www.verlagshaus-hernals.at\/shop\/wp-json\/wp\/v2\/media\/309"}],"wp:attachment":[{"href":"https:\/\/www.verlagshaus-hernals.at\/shop\/wp-json\/wp\/v2\/media?parent=310"}],"wp:term":[{"taxonomy":"product_brand","embeddable":true,"href":"https:\/\/www.verlagshaus-hernals.at\/shop\/wp-json\/wp\/v2\/product_brand?post=310"},{"taxonomy":"product_cat","embeddable":true,"href":"https:\/\/www.verlagshaus-hernals.at\/shop\/wp-json\/wp\/v2\/product_cat?post=310"},{"taxonomy":"product_tag","embeddable":true,"href":"https:\/\/www.verlagshaus-hernals.at\/shop\/wp-json\/wp\/v2\/product_tag?post=310"}],"curies":[{"name":"wp","href":"https:\/\/api.w.org\/{rel}","templated":true}]}}