{"id":191,"date":"2016-02-29T13:05:32","date_gmt":"2016-02-29T12:05:32","guid":{"rendered":"https:\/\/www.imerix.at\/bookshop\/produkt\/vom-duft-des-nichts\/"},"modified":"2025-04-18T19:13:43","modified_gmt":"2025-04-18T17:13:43","slug":"vom-duft-des-nichts","status":"publish","type":"product","link":"https:\/\/www.verlagshaus-hernals.at\/shop\/produkt\/vom-duft-des-nichts\/","title":{"rendered":"Vom Duft des Nichts"},"content":{"rendered":"<p>Der lombardische Maler Antonio Calderera schrieb \u00fcber seine Bilder: <em>Ich m\u00f6chte das Nichts malen, jenes Nichts, welches das Ganze ist \u2013 das Schweigen, das Licht, der Raum.<\/em><br \/>\nManfred Makra begann diesem Duft des Nichts nachzusp\u00fcren. Die so entstandenen Texte sind Ein\u00fcbungen in das Verstehen der Arbeit des ber\u00fchmten Malers und bilden Br\u00fccken, \u00dcberg\u00e4nge und Zwischenr\u00e4ume f\u00fcr sein eigenes bildnerisches Schaffen.<\/p>\n<p><strong><em>wei\u00df<\/em><\/strong><\/p>\n<p><em>im wei\u00df erst r\u00e4ume<\/em><br \/>\n<em>f\u00fcr zarte bl\u00fctentr\u00e4ume<\/em><br \/>\n<em>lichtes heim<\/em><br \/>\n<em>augenreinheit der gedanken<\/em><\/p>\n<p><em>hebe an<\/em><br \/>\n<em>ruf herab<\/em><\/p>\n<p><em>geh hindurch<\/em><br \/>\n<em>der bunten<\/em><br \/>\n<em>grenzen<\/em><\/p>\n","protected":false},"excerpt":{"rendered":"<p>138 Seiten, Klappenbroschur<br \/>\nISBN 978-3-902744-34-0&hellip; <a class=\"kt-excerpt-readmore more-link\" href=\"https:\/\/www.verlagshaus-hernals.at\/shop\/produkt\/vom-duft-des-nichts\/\" aria-label=\"Vom Duft des Nichts\">Read More<\/a><\/p>\n","protected":false},"featured_media":190,"template":"","meta":{"kt_blocks_editor_width":"","_kad_blocks_custom_css":"","_kad_blocks_head_custom_js":"","_kad_blocks_body_custom_js":"","_kad_blocks_footer_custom_js":""},"product_brand":[],"product_cat":[38],"product_tag":[59],"class_list":{"0":"post-191","1":"product","2":"type-product","3":"status-publish","4":"has-post-thumbnail","6":"product_cat-lyrik","7":"product_tag-manfred-makra","9":"first","10":"instock","11":"taxable","12":"shipping-taxable","13":"purchasable","14":"product-type-simple"},"taxonomy_info":{"product_cat":[{"value":38,"label":"Lyrik"}],"product_tag":[{"value":59,"label":"Manfred Makra"}]},"featured_image_src_large":["https:\/\/www.verlagshaus-hernals.at\/shop\/wp-content\/uploads\/manfred-makra_vom-duft-des-nichts.jpg",371,648,false],"author_info":[],"comment_info":"","_links":{"self":[{"href":"https:\/\/www.verlagshaus-hernals.at\/shop\/wp-json\/wp\/v2\/product\/191","targetHints":{"allow":["GET"]}}],"collection":[{"href":"https:\/\/www.verlagshaus-hernals.at\/shop\/wp-json\/wp\/v2\/product"}],"about":[{"href":"https:\/\/www.verlagshaus-hernals.at\/shop\/wp-json\/wp\/v2\/types\/product"}],"wp:featuredmedia":[{"embeddable":true,"href":"https:\/\/www.verlagshaus-hernals.at\/shop\/wp-json\/wp\/v2\/media\/190"}],"wp:attachment":[{"href":"https:\/\/www.verlagshaus-hernals.at\/shop\/wp-json\/wp\/v2\/media?parent=191"}],"wp:term":[{"taxonomy":"product_brand","embeddable":true,"href":"https:\/\/www.verlagshaus-hernals.at\/shop\/wp-json\/wp\/v2\/product_brand?post=191"},{"taxonomy":"product_cat","embeddable":true,"href":"https:\/\/www.verlagshaus-hernals.at\/shop\/wp-json\/wp\/v2\/product_cat?post=191"},{"taxonomy":"product_tag","embeddable":true,"href":"https:\/\/www.verlagshaus-hernals.at\/shop\/wp-json\/wp\/v2\/product_tag?post=191"}],"curies":[{"name":"wp","href":"https:\/\/api.w.org\/{rel}","templated":true}]}}