{"id":183,"date":"2015-05-26T13:05:31","date_gmt":"2015-05-26T11:05:31","guid":{"rendered":"https:\/\/www.imerix.at\/bookshop\/produkt\/federwach-das-vorwaerts\/"},"modified":"2025-04-18T19:12:59","modified_gmt":"2025-04-18T17:12:59","slug":"federwach-das-vorwaerts","status":"publish","type":"product","link":"https:\/\/www.verlagshaus-hernals.at\/shop\/produkt\/federwach-das-vorwaerts\/","title":{"rendered":"Federwach das Vorw\u00e4rts"},"content":{"rendered":"<p>Julia Lajta-Novak versprachlicht in ihrem Lyrikband die Leichtathletik. Als Stabhochspringerin gew\u00e4hrt sie so aus weiblicher Perspektive Einblicke in k\u00f6rperliche Herausforderungen und Bewegungsabl\u00e4ufe. Sie setzt sich mit Themen wie Doping und Sexismus auseinander, mit Triumph und Verletzung, Ersch\u00f6pfung, unb\u00e4ndiger Freude und Frustration.<br \/>\nEinzelne Gedichte widmet sie bemerkenswerten Sportlerinnen, wie der Sprinterin Florence Griffith Joyner und der Hochspringerin Birgit Dressel.<br \/>\nDie Gedichte werden von Illustrationen begleitet, die die Dynamik der jeweiligen Sportart zum Ausdruck bringen.<\/p>\n","protected":false},"excerpt":{"rendered":"<p>85 Seiten, broschiert<br \/>\nISBN 978-3-902975-18-8&hellip; <a class=\"kt-excerpt-readmore more-link\" href=\"https:\/\/www.verlagshaus-hernals.at\/shop\/produkt\/federwach-das-vorwaerts\/\" aria-label=\"Federwach das Vorw\u00e4rts\">Read More<\/a><\/p>\n","protected":false},"featured_media":182,"template":"","meta":{"kt_blocks_editor_width":"","_kad_blocks_custom_css":"","_kad_blocks_head_custom_js":"","_kad_blocks_body_custom_js":"","_kad_blocks_footer_custom_js":""},"product_brand":[],"product_cat":[38],"product_tag":[],"class_list":{"0":"post-183","1":"product","2":"type-product","3":"status-publish","4":"has-post-thumbnail","6":"product_cat-lyrik","8":"first","9":"instock","10":"taxable","11":"shipping-taxable","12":"purchasable","13":"product-type-simple"},"taxonomy_info":{"product_cat":[{"value":38,"label":"Lyrik"}]},"featured_image_src_large":["https:\/\/www.verlagshaus-hernals.at\/shop\/wp-content\/uploads\/julia-lajta-novak_federwach-das-vorwC3A4rts.jpg",499,872,false],"author_info":[],"comment_info":"","_links":{"self":[{"href":"https:\/\/www.verlagshaus-hernals.at\/shop\/wp-json\/wp\/v2\/product\/183","targetHints":{"allow":["GET"]}}],"collection":[{"href":"https:\/\/www.verlagshaus-hernals.at\/shop\/wp-json\/wp\/v2\/product"}],"about":[{"href":"https:\/\/www.verlagshaus-hernals.at\/shop\/wp-json\/wp\/v2\/types\/product"}],"wp:featuredmedia":[{"embeddable":true,"href":"https:\/\/www.verlagshaus-hernals.at\/shop\/wp-json\/wp\/v2\/media\/182"}],"wp:attachment":[{"href":"https:\/\/www.verlagshaus-hernals.at\/shop\/wp-json\/wp\/v2\/media?parent=183"}],"wp:term":[{"taxonomy":"product_brand","embeddable":true,"href":"https:\/\/www.verlagshaus-hernals.at\/shop\/wp-json\/wp\/v2\/product_brand?post=183"},{"taxonomy":"product_cat","embeddable":true,"href":"https:\/\/www.verlagshaus-hernals.at\/shop\/wp-json\/wp\/v2\/product_cat?post=183"},{"taxonomy":"product_tag","embeddable":true,"href":"https:\/\/www.verlagshaus-hernals.at\/shop\/wp-json\/wp\/v2\/product_tag?post=183"}],"curies":[{"name":"wp","href":"https:\/\/api.w.org\/{rel}","templated":true}]}}