{"id":148,"date":"2020-11-19T13:05:25","date_gmt":"2020-11-19T12:05:25","guid":{"rendered":"https:\/\/www.imerix.at\/bookshop\/produkt\/die-weberin\/"},"modified":"2025-04-18T17:52:41","modified_gmt":"2025-04-18T15:52:41","slug":"die-weberin","status":"publish","type":"product","link":"https:\/\/www.verlagshaus-hernals.at\/shop\/produkt\/die-weberin\/","title":{"rendered":"Die Weberin"},"content":{"rendered":"<p>In einer Welt, die sich rasant ver\u00e4ndert, wird Carla mit dem \u00c4lterwerden und mit Erinnerungen, die sie lange verdr\u00e4ngt hat, konfrontiert. Nachforschungen f\u00fchren sie auch zur\u00fcck nach K\u00e4rnten, in die Heimat der verstorbenen Gro\u00dfeltern. Ihre eigene Geschichte erlebt sie zunehmend als einen Nachhall der historischen Ereignisse, wie der Zeit des Austrofaschismus, der Pogrome und der Deportation der K\u00e4rntner Slowenen im Jahr 1942 w\u00e4hrend der NS-Diktatur.<br \/>\nEva Possnig-Pawlik schreibt mit Feingef\u00fchl, getragen von Musikalit\u00e4t. Sie erz\u00e4hlt lebendige Zeitgeschichte, berichtet von pers\u00f6nlichen Schicksalen vor dem Hintergrund politischer Ereignisse. Auch die Beziehung von Carla mit dem Musiker Boris ist davon gepr\u00e4gt.<\/p>\n<p>&nbsp;<\/p>\n","protected":false},"excerpt":{"rendered":"<p>282 Seiten, gebunden mit Schutzumschlag<br \/>\nISBN 978-3-902975-85-0&hellip; <a class=\"kt-excerpt-readmore more-link\" href=\"https:\/\/www.verlagshaus-hernals.at\/shop\/produkt\/die-weberin\/\" aria-label=\"Die Weberin\">Read More<\/a><\/p>\n","protected":false},"featured_media":147,"template":"","meta":{"kt_blocks_editor_width":"","_kad_blocks_custom_css":"","_kad_blocks_head_custom_js":"","_kad_blocks_body_custom_js":"","_kad_blocks_footer_custom_js":""},"product_brand":[],"product_cat":[43],"product_tag":[57],"class_list":{"0":"post-148","1":"product","2":"type-product","3":"status-publish","4":"has-post-thumbnail","6":"product_cat-romane-erzaehlungen","7":"product_tag-possnig-pawlik","9":"first","10":"instock","11":"taxable","12":"shipping-taxable","13":"purchasable","14":"product-type-simple"},"taxonomy_info":{"product_cat":[{"value":43,"label":"Romane &amp; Erz\u00e4hlungen"}],"product_tag":[{"value":57,"label":"Possnig-Pawlik"}]},"featured_image_src_large":["https:\/\/www.verlagshaus-hernals.at\/shop\/wp-content\/uploads\/possnig_pawlik-die_weberin.jpg",650,1000,false],"author_info":[],"comment_info":"","_links":{"self":[{"href":"https:\/\/www.verlagshaus-hernals.at\/shop\/wp-json\/wp\/v2\/product\/148","targetHints":{"allow":["GET"]}}],"collection":[{"href":"https:\/\/www.verlagshaus-hernals.at\/shop\/wp-json\/wp\/v2\/product"}],"about":[{"href":"https:\/\/www.verlagshaus-hernals.at\/shop\/wp-json\/wp\/v2\/types\/product"}],"wp:featuredmedia":[{"embeddable":true,"href":"https:\/\/www.verlagshaus-hernals.at\/shop\/wp-json\/wp\/v2\/media\/147"}],"wp:attachment":[{"href":"https:\/\/www.verlagshaus-hernals.at\/shop\/wp-json\/wp\/v2\/media?parent=148"}],"wp:term":[{"taxonomy":"product_brand","embeddable":true,"href":"https:\/\/www.verlagshaus-hernals.at\/shop\/wp-json\/wp\/v2\/product_brand?post=148"},{"taxonomy":"product_cat","embeddable":true,"href":"https:\/\/www.verlagshaus-hernals.at\/shop\/wp-json\/wp\/v2\/product_cat?post=148"},{"taxonomy":"product_tag","embeddable":true,"href":"https:\/\/www.verlagshaus-hernals.at\/shop\/wp-json\/wp\/v2\/product_tag?post=148"}],"curies":[{"name":"wp","href":"https:\/\/api.w.org\/{rel}","templated":true}]}}