{"id":120,"date":"2013-11-20T13:05:20","date_gmt":"2013-11-20T12:05:20","guid":{"rendered":"https:\/\/www.imerix.at\/bookshop\/produkt\/kirschen-zu-mitternacht\/"},"modified":"2025-04-18T19:01:10","modified_gmt":"2025-04-18T17:01:10","slug":"kirschen-zu-mitternacht","status":"publish","type":"product","link":"https:\/\/www.verlagshaus-hernals.at\/shop\/produkt\/kirschen-zu-mitternacht\/","title":{"rendered":"Kirschen zu Mitternacht"},"content":{"rendered":"<p>Viktor Mautner Markhof versetzt seine LeserInnen zur\u00fcck in das Jahr 1645:<\/p>\n<p>Der schwedische Feldmarschall Lennart Torstensson belagert mit seinen Truppen die Stadt Br\u00fcnn. Die Wahrscheinlichkeit einer l\u00e4ngeren Belagerung standhalten zu k\u00f6nnen, ohne Verst\u00e4rkung durch zus\u00e4tzliche Truppen, sch\u00e4tzten viele als ziemlich gering ein. Dennoch \u2013 klein beigeben kam nicht in Frage.<\/p>\n<p>\u2026 Alles drehte sich um die entscheidende Frage, wie viel Zeit Torstensson noch ben\u00f6tigte, um mit seinen unz\u00e4hligen Dragonern, Musketieren und Gesch\u00fctzen vor Br\u00fcnn aufzutauchen. Es entstand eine rege Diskussion \u00fcber die Ma\u00dfnahmen, die nun zu treffen waren.<br \/>\nImmerhin konnte die Stadt auf rund achthundert gemusterte und bewaffnete B\u00fcrger sowie Handwerksburschen zur\u00fcckgreifen. Weitere hundertzwanzig Musketiere waren im Laufe des Tages, nach der Aufhebung der Blockade von Olm\u00fctz von dort kommend auf der Festung Spielberg eingetroffen und einquartiert worden.<br \/>\nDie Stadt verf\u00fcgte \u00fcberdies \u00fcber einen Ring aus einer inneren und einer \u00e4u\u00dferen Stadtmauer mit zahlreichen T\u00fcrmen, wenn auch nicht in bestem Zustand.<br \/>\nDen meisten erschien dies gegen die anr\u00fcckende \u00dcbermacht von rund f\u00fcnfzehn- bis zwanzigtausend schwedischen Soldaten kaum ausreichend Schutz zu gew\u00e4hrleisten. \u2026<\/p>\n<p>Mautner Markhofs detailgetreue Schilderung der Belagerung Br\u00fcnns l\u00e4sst den Leser in die Zeit des Drei\u00dfigj\u00e4hrigen Krieges eintauchen.<\/p>\n<p>&nbsp;<\/p>\n","protected":false},"excerpt":{"rendered":"<p>500 Seiten, gebunden, Schutzumschlag<br \/>\nmit historischer Karte und \u00dcbersichtsplan<br \/>\nISBN 978-3-902744-95-1&hellip; <a class=\"kt-excerpt-readmore more-link\" href=\"https:\/\/www.verlagshaus-hernals.at\/shop\/produkt\/kirschen-zu-mitternacht\/\" aria-label=\"Kirschen zu Mitternacht\">Read More<\/a><\/p>\n","protected":false},"featured_media":119,"template":"","meta":{"kt_blocks_editor_width":"","_kad_blocks_custom_css":"","_kad_blocks_head_custom_js":"","_kad_blocks_body_custom_js":"","_kad_blocks_footer_custom_js":""},"product_brand":[],"product_cat":[43],"product_tag":[100],"class_list":{"0":"post-120","1":"product","2":"type-product","3":"status-publish","4":"has-post-thumbnail","6":"product_cat-romane-erzaehlungen","7":"product_tag-viktor-mautner-markhof","9":"first","10":"instock","11":"taxable","12":"shipping-taxable","13":"purchasable","14":"product-type-simple"},"taxonomy_info":{"product_cat":[{"value":43,"label":"Romane &amp; Erz\u00e4hlungen"}],"product_tag":[{"value":100,"label":"Viktor Mautner Markhof"}]},"featured_image_src_large":["https:\/\/www.verlagshaus-hernals.at\/shop\/wp-content\/uploads\/viktor_mautner_markhof-kirschen-zu-mitternacht.jpg",403,650,false],"author_info":[],"comment_info":"","_links":{"self":[{"href":"https:\/\/www.verlagshaus-hernals.at\/shop\/wp-json\/wp\/v2\/product\/120","targetHints":{"allow":["GET"]}}],"collection":[{"href":"https:\/\/www.verlagshaus-hernals.at\/shop\/wp-json\/wp\/v2\/product"}],"about":[{"href":"https:\/\/www.verlagshaus-hernals.at\/shop\/wp-json\/wp\/v2\/types\/product"}],"wp:featuredmedia":[{"embeddable":true,"href":"https:\/\/www.verlagshaus-hernals.at\/shop\/wp-json\/wp\/v2\/media\/119"}],"wp:attachment":[{"href":"https:\/\/www.verlagshaus-hernals.at\/shop\/wp-json\/wp\/v2\/media?parent=120"}],"wp:term":[{"taxonomy":"product_brand","embeddable":true,"href":"https:\/\/www.verlagshaus-hernals.at\/shop\/wp-json\/wp\/v2\/product_brand?post=120"},{"taxonomy":"product_cat","embeddable":true,"href":"https:\/\/www.verlagshaus-hernals.at\/shop\/wp-json\/wp\/v2\/product_cat?post=120"},{"taxonomy":"product_tag","embeddable":true,"href":"https:\/\/www.verlagshaus-hernals.at\/shop\/wp-json\/wp\/v2\/product_tag?post=120"}],"curies":[{"name":"wp","href":"https:\/\/api.w.org\/{rel}","templated":true}]}}